{"id":2,"date":"2019-04-26T18:39:37","date_gmt":"2019-04-26T18:39:37","guid":{"rendered":"http:\/\/itechlang.ca\/test\/?page_id=2"},"modified":"2025-02-12T20:35:18","modified_gmt":"2025-02-13T00:35:18","slug":"a-mon-sujet-enseignante-et-tutrice-en-francais","status":"publish","type":"page","link":"https:\/\/itechlang.ca\/services-langagiers\/fr\/a-mon-sujet-enseignante-et-tutrice-en-francais\/","title":{"rendered":"\u00c0 mon sujet"},"content":{"rendered":"\n<div class=\"wp-block-image\"><figure class=\"alignright hidden-xs\" style=\"width: 12%; padding-top: 46px;\"><img decoding=\"async\" src=\"https:\/\/itechlang.ca\/services-langagiers\/wp-content\/uploads\/2020\/12\/DSC03033-Copy-original-crop-hd-1.jpg.webp\" alt=\"Enseignante et tutrice en fran\u00e7ais | V\u00e9ronique Lebreton | Cours de fran\u00e7ais langue seconde et \u00e9trang\u00e8re, tutorat et aide aux devoirs\" class=\"wp-image-203\"><\/figure><\/div>\n\n\n\n<h4 class=\"custom-text-box-line\">&nbsp;<i class=\"fa-solid fa-book-open\"><\/i>&nbsp;&nbsp;Origine, \u00e9ducation et exp\u00e9riences professionnelles<\/h4>\n\n\n\n<ul class=\"wp-block-list list-curve-arrow\">\n<li>D\u2019origine fran\u00e7aise, arriv\u00e9e au Canada en 2000<\/li>\n\n\n\n<li>Titulaire d\u2019un baccalaur\u00e9at \u00e8s arts par cumul (majeur en traduction et mineur en \u00e9tudes anglaises) de l\u2019Universit\u00e9 de Montr\u00e9al<\/li>\n\n\n\n<li>Enseignante de fran\u00e7ais langue seconde ou \u00e9trang\u00e8re pour l\u2019International Language Institute (N.-\u00c9.), l\u2019Universit\u00e9 Sainte-Anne (N.-\u00c9.) et ITechlang inc.<\/li>\n\n\n\n<li>Enseignante de francisation pour ITechlang inc.<\/li>\n\n\n\n<li>Correctrice de l\u2019\u00e9preuve unique de fran\u00e7ais, \u00e9criture, langue d\u2019enseignement, de la 5e ann\u00e9e du secondaire pour le minist\u00e8re de l\u2019\u00c9ducation et de l&#8217;Enseignement sup\u00e9rieur du Qu\u00e9bec<\/li>\n\n\n\n<li>Enseignante de fran\u00e7ais dans le secteur des jeunes du secondaire pour le CSSMI<\/li>\n\n\n\n<li>Tutorat et aide aux devoirs en fran\u00e7ais pour les jeunes du secondaire pour ITechlang inc.<\/li>\n\n\n\n<li>Correctrice, r\u00e9viseure et traductrice pour ITechlang inc.<\/li>\n<\/ul>\n\n\n\n<h4 class=\"custom-text-box-line\">&nbsp;<i class=\"fa-solid fa-book-open\"><\/i>&nbsp;&nbsp;Forces et qualit\u00e9s professionnelles<\/h4>\n\n\n\n<ul class=\"wp-block-list list-curve-arrow\">\n<li>18 ans d\u2019exp\u00e9rience en enseignement du fran\u00e7ais langue seconde ou \u00e9trang\u00e8re et en francisation aupr\u00e8s d\u2019une client\u00e8le vari\u00e9e<\/li>\n\n\n\n<li>15 ans d\u2019exp\u00e9rience en enseignement en ligne<\/li>\n\n\n\n<li>Plusieurs ann\u00e9es d\u2019exp\u00e9rience en correction de l\u2019\u00e9preuve unique de fran\u00e7ais, \u00e9criture, de la 5<sup>e<\/sup> ann\u00e9e du secondaire, MEES<\/li>\n\n\n\n<li>Excellente connaissance de la langue fran\u00e7aise<\/li>\n\n\n\n<li>Passionn\u00e9e par l\u2019enseignement du fran\u00e7ais<\/li>\n\n\n\n<li>Empathique, patiente et cr\u00e9ative<\/li>\n<\/ul>\n\n\n\n<p><\/p><br\/><a class=\"btn\" href=\"https:\/\/itechlang.ca\/services-langagiers\/fr\/me-contacter\">Me contacter<\/a>\n","protected":false},"excerpt":{"rendered":"<p>&nbsp;&nbsp;&nbsp;Origine, \u00e9ducation et exp\u00e9riences professionnelles &nbsp;&nbsp;&nbsp;Forces et qualit\u00e9s professionnelles Me contacter<\/p>\n","protected":false},"author":2,"featured_media":0,"parent":0,"menu_order":0,"comment_status":"closed","ping_status":"open","template":"page-templates\/page-full-width.php","meta":{"_monsterinsights_skip_tracking":false,"_monsterinsights_sitenote_active":false,"_monsterinsights_sitenote_note":"","_monsterinsights_sitenote_category":0,"footnotes":""},"class_list":["post-2","page","type-page","status-publish","hentry"],"_links":{"self":[{"href":"https:\/\/itechlang.ca\/services-langagiers\/fr\/wp-json\/wp\/v2\/pages\/2","targetHints":{"allow":["GET"]}}],"collection":[{"href":"https:\/\/itechlang.ca\/services-langagiers\/fr\/wp-json\/wp\/v2\/pages"}],"about":[{"href":"https:\/\/itechlang.ca\/services-langagiers\/fr\/wp-json\/wp\/v2\/types\/page"}],"author":[{"embeddable":true,"href":"https:\/\/itechlang.ca\/services-langagiers\/fr\/wp-json\/wp\/v2\/users\/2"}],"replies":[{"embeddable":true,"href":"https:\/\/itechlang.ca\/services-langagiers\/fr\/wp-json\/wp\/v2\/comments?post=2"}],"version-history":[{"count":92,"href":"https:\/\/itechlang.ca\/services-langagiers\/fr\/wp-json\/wp\/v2\/pages\/2\/revisions"}],"predecessor-version":[{"id":1896,"href":"https:\/\/itechlang.ca\/services-langagiers\/fr\/wp-json\/wp\/v2\/pages\/2\/revisions\/1896"}],"wp:attachment":[{"href":"https:\/\/itechlang.ca\/services-langagiers\/fr\/wp-json\/wp\/v2\/media?parent=2"}],"curies":[{"name":"wp","href":"https:\/\/api.w.org\/{rel}","templated":true}]}}